{"id":5,"date":"2019-12-08T14:13:06","date_gmt":"2019-12-08T14:13:06","guid":{"rendered":"http:\/\/site.croixrougeath.be\/index.php\/mesmerize\/"},"modified":"2026-01-04T19:09:09","modified_gmt":"2026-01-04T18:09:09","slug":"mesmerize","status":"publish","type":"page","link":"https:\/\/site.croixrougeath.be\/","title":{"rendered":"Front Page"},"content":{"rendered":"<div  data-label=\"About\" data-id=\"about--2\" data-export-id=\"about-9\" data-category=\"about\" class=\"about-9 content-section content-section-spacing\" id=\"about-2\" style=\"background-color: rgb(255, 255, 255);\"><div  class=\"gridContainer\"> <div  class=\"row middle-sm text-center\"><div  class=\"col-sm-5 space-bottom-xs content-column content-right-sm\" data-type=\"column\"> <h5  class=\"\">La vestiboutique d\u2019Ath recherche<\/h5> <h2  class=\"\">Un(e) b\u00e9n\u00e9vole responsable d\u2019activit\u00e9s pour son magasin de seconde main<\/h2> <p  class=\"\">Vous souhaitez vous mobiliser et am\u00e9liorer la vie des personnes vuln\u00e9rables en luttant contre les cons\u00e9quences de la pauvret\u00e9 et de l\u2019exclusion ?&nbsp;<\/p> <h5  class=\"\"><span  class=\"\" style=\"margin-bottom: 16px; margin-left: auto; outline: rgb(204, 204, 204) solid 1px; text-rendering: optimizelegibility; line-height: 1.5rem; letter-spacing: 0.14rem; overflow-wrap: break-word;\">Rejoignez le plus grand r\u00e9seau humanitaire du monde !<\/span><\/h5><p  class=\"lead\">Int\u00e9ress\u00e9-e ?<\/p><p  class=\"lead\">cecile.hebette@volontaires.croix-rouge.be<br >068\/334838<\/p><\/div> <div  class=\"col-sm-7 flexbox flexbox middle-xs center-xs space-bottom-xs\"><div  class=\"overlay-box flexbox middle-xs center-xs overlay-holder \"> <div  class=\"overlay-box-offset offset-background shadow-medium bg-color2 hide-xs\"><\/div> <img decoding=\"async\"  class=\"flexbox shadow-large img1\" src=\"https:\/\/site.croixrougeath.be\/wp-content\/uploads\/2025\/12\/vestiboutique.png\" data-size=\"600x400\" title=\"vestiboutique\" alt=\"\"><\/div> <\/div><\/div> <\/div><\/div><div  id=\"overlappable-1\" data-label=\"Overlappable\" data-id=\"overlappable-7-mc\" data-export-id=\"overlappable-7-mc\" data-category=\"overlappable\" class=\"overlappable-7-mc content-section content-section-spacing\" data-overlap=\"true\" wfd-id=\"66\"><div  class=\"gridContainer\" wfd-id=\"67\"> <div  data-type=\"row\" class=\"row shadow\" wfd-id=\"68\"><div  class=\"col-xs-12 col-sm-6 col-md-3 col-padding-small col-padding-small-xs bg-color-white\" wfd-id=\"81\"> <div  class=\"text-center\" wfd-id=\"82\"><div  class=\"col-xs-12 col-sm-fit space-bottom-small-xs\" wfd-id=\"84\"> <i  class=\"fa icon color-black fa-home large\"><\/i><\/div> <div  data-type=\"column\" class=\"col-xs-12 col-sm\" wfd-id=\"83\"><h4  class=\"\">Maison Croix-Rouge\n<\/h4> <p  class=\"\">Mission : Am\u00e9liorer les conditions d\u2019existence des personnes les plus vuln\u00e9rables<\/p><\/div> <\/div><\/div> <div  class=\"col-xs-12 col-sm-6 col-md-3 col-padding-small col-padding-small-xs bg-color-white\" wfd-id=\"77\"><div  class=\"text-center\" wfd-id=\"78\"> <div  class=\"col-xs-12 col-sm-fit space-bottom-small-xs\" wfd-id=\"80\"><i  class=\"fa fa-heart-o icon color-black large\"><\/i><\/div> <div  data-type=\"column\" class=\"col-xs-12 col-sm\" wfd-id=\"79\"><h4  class=\"\">Que faisons-nous ?<\/h4> <p  class=\"\">Les activit\u00e9s men\u00e9es par nos b\u00e9n\u00e9voles sont mutiples et vari\u00e9es<\/p><a  class=\"button blue\" href=\"https:\/\/site.croixrougeath.be\/index.php\/nos-activites\" target=\"_self\" data-cp-link=\"1\" rel=\"noopener noreferrer\">En savoir plus \u2026<\/a><\/div> <\/div><\/div><div  class=\"col-xs-12 col-sm-6 col-md-3 col-padding-small col-padding-small-xs bg-color-white\" wfd-id=\"73\"><div  class=\"text-center\" wfd-id=\"74\"> <div  class=\"col-xs-12 col-sm-fit space-bottom-small-xs\" wfd-id=\"76\"><i  class=\"fa icon color-black fa-map-marker large\"><\/i><\/div> <div  data-type=\"column\" class=\"col-xs-12 col-sm\" wfd-id=\"75\"><h4  class=\"\">O\u00f9 nous trouver ?<\/h4> <p  class=\"\">146 chauss\u00e9e de Bruxelles\n<br >7800 Ath<\/p><\/div> <\/div><\/div> <div  class=\"col-xs-12 col-sm-6 col-md-3 col-padding-small col-padding-small-xs bg-color-white\" wfd-id=\"69\"><div  class=\"text-center\" wfd-id=\"70\"> <div  class=\"col-xs-12 col-sm-fit space-bottom-small-xs\" wfd-id=\"72\"><i  class=\"fa icon color-black fa-comments-o large\"><\/i><\/div> <div  data-type=\"column\" class=\"col-xs-12 col-sm\" wfd-id=\"71\"><h4  class=\"\">Comment nous contacter ?<\/h4> <p  class=\"\">Par t\u00e9l\u00e9phone : \n<br >+32 (0) 68 33 48 38<br >Par email : mcr.deuxdendres@croix-rouge.be<\/p><\/div> <\/div><\/div>  <\/div><\/div> <\/div><div  id=\"latest-news-1\" style=\"background-color: #f5fafd;\" data-label=\"Latest-news\" data-id=\"blog-section\" data-export-id=\"blog-section\" data-category=\"latest_news\" class=\"blog-section blog-section-standard content-section content-section-spacing\" wfd-id=\"45\"><div  class=\"gridContainer\" wfd-id=\"46\"> <div  class=\"row\" wfd-id=\"64\"><div  data-type=\"column\" class=\"section-title-col\" wfd-id=\"65\"> <h2  class=\"\">Derni\u00e8res nouvelles<\/h2> <\/div> <\/div> <div  class=\"row\" wfd-id=\"49\"> <div  data-type=\"row\" data-dynamic-columns=\"handled\" data-content-shortcode=\"mesmerize_latest_news\" wfd-id=\"50\">\t\t<div class=\"row center-sm content-left-sm\">\n\t\t\t\t\t<div id=\"post-1061\" class=\"col-sm-6 col-md-4 space-bottom space-bottom-xs\">\n\t\t\t\t<div class=\"post-content card y-move bordered\">\n\t\t\t\t\t<div class=\"post-thumbnail\">\n   <a href=\"https:\/\/site.croixrougeath.be\/index.php\/2025\/08\/15\/formation-des-enfants-aux-premiers-secours-il-nest-jamais-trop-tot-pour-apprendre-les-gestes-qui-sauventdes-enfants-prepares-a-sauver-des-vies\/\" class=\"post-list-item-thumb \">\n      <img loading=\"lazy\" decoding=\"async\" width=\"306\" height=\"165\" src=\"https:\/\/site.croixrougeath.be\/wp-content\/uploads\/2025\/08\/rtbf-actus.png\" class=\"attachment-post-thumbnail size-post-thumbnail wp-post-image\" alt=\"\" srcset=\"https:\/\/site.croixrougeath.be\/wp-content\/uploads\/2025\/08\/rtbf-actus.png 306w, https:\/\/site.croixrougeath.be\/wp-content\/uploads\/2025\/08\/rtbf-actus-300x162.png 300w\" sizes=\"auto, (max-width: 306px) 100vw, 306px\" \/>   <\/a>\n<\/div>\n\t\t\t\t\t<div class=\"col-padding col-padding-xs\">\n\t\t\t\t\t\t<h3 class=\"post-title space-bottom-small\">\n\t\t\t\t\t\t\t<a href=\"https:\/\/site.croixrougeath.be\/index.php\/2025\/08\/15\/formation-des-enfants-aux-premiers-secours-il-nest-jamais-trop-tot-pour-apprendre-les-gestes-qui-sauventdes-enfants-prepares-a-sauver-des-vies\/\" rel=\"bookmark\">\n\t\t\t\t\t\t\t\tFormation des enfants aux premiers secours\u00a0: il n\u2019est jamais trop t\u00f4t pour apprendre les gestes qui sauvent\t\t\t\t\t\t\t<\/a>\n\t\t\t\t\t\t<\/h3>\n\t\t\t\t\t\t<p>07 ao\u00fbt 2025 Un stage est organis\u00e9 par la Croix rouge \u00e0 Ath. Chaque jour, les (parfois tr\u00e8s jeunes) participants \u00e0 cette formation apprennent un peu mieux comment r\u00e9agir en[&hellip;]<\/p>\n\t\t\t\t\t\t<a class=\"read-more link\" href=\"https:\/\/site.croixrougeath.be\/index.php\/2025\/08\/15\/formation-des-enfants-aux-premiers-secours-il-nest-jamais-trop-tot-pour-apprendre-les-gestes-qui-sauventdes-enfants-prepares-a-sauver-des-vies\/\">\n\t\t\t\t\t\t\tRead more\t\t\t\t\t\t<\/a>\n\t\t\t\t\t<\/div>\n\t\t\t\t<\/div>\n\t\t\t<\/div>\n\t\t\t\t\t\t<div id=\"post-1054\" class=\"col-sm-6 col-md-4 space-bottom space-bottom-xs\">\n\t\t\t\t<div class=\"post-content card y-move bordered\">\n\t\t\t\t\t<div class=\"post-thumbnail\">\n   <a href=\"https:\/\/site.croixrougeath.be\/index.php\/2025\/08\/15\/fermeture-exceptionnelle-samedi-16-aout\/\" class=\"post-list-item-thumb \">\n      <img loading=\"lazy\" decoding=\"async\" width=\"1024\" height=\"1216\" src=\"https:\/\/site.croixrougeath.be\/wp-content\/uploads\/2025\/08\/486487536_1053392926993705_8564811945932259577_n-1024x1216.jpg\" class=\"attachment-post-thumbnail size-post-thumbnail wp-post-image\" alt=\"\" srcset=\"https:\/\/site.croixrougeath.be\/wp-content\/uploads\/2025\/08\/486487536_1053392926993705_8564811945932259577_n-1024x1216.jpg 1024w, https:\/\/site.croixrougeath.be\/wp-content\/uploads\/2025\/08\/486487536_1053392926993705_8564811945932259577_n-253x300.jpg 253w, https:\/\/site.croixrougeath.be\/wp-content\/uploads\/2025\/08\/486487536_1053392926993705_8564811945932259577_n-863x1024.jpg 863w, https:\/\/site.croixrougeath.be\/wp-content\/uploads\/2025\/08\/486487536_1053392926993705_8564811945932259577_n-768x912.jpg 768w, https:\/\/site.croixrougeath.be\/wp-content\/uploads\/2025\/08\/486487536_1053392926993705_8564811945932259577_n-320x380.jpg 320w, https:\/\/site.croixrougeath.be\/wp-content\/uploads\/2025\/08\/486487536_1053392926993705_8564811945932259577_n-480x570.jpg 480w, https:\/\/site.croixrougeath.be\/wp-content\/uploads\/2025\/08\/486487536_1053392926993705_8564811945932259577_n-800x950.jpg 800w, https:\/\/site.croixrougeath.be\/wp-content\/uploads\/2025\/08\/486487536_1053392926993705_8564811945932259577_n-910x1080.jpg 910w, https:\/\/site.croixrougeath.be\/wp-content\/uploads\/2025\/08\/486487536_1053392926993705_8564811945932259577_n.jpg 1080w\" sizes=\"auto, (max-width: 1024px) 100vw, 1024px\" \/>   <\/a>\n<\/div>\n\t\t\t\t\t<div class=\"col-padding col-padding-xs\">\n\t\t\t\t\t\t<h3 class=\"post-title space-bottom-small\">\n\t\t\t\t\t\t\t<a href=\"https:\/\/site.croixrougeath.be\/index.php\/2025\/08\/15\/fermeture-exceptionnelle-samedi-16-aout\/\" rel=\"bookmark\">\n\t\t\t\t\t\t\t\tFermeture exceptionnelle \u2013 Samedi 16 ao\u00fbt\t\t\t\t\t\t\t<\/a>\n\t\t\t\t\t\t<\/h3>\n\t\t\t\t\t\t<p>Nous vous informons qu\u2019exceptionnellement, notre Vestiboutique sera ferm\u00e9e ce samedi 16 ao\u00fbt. Reprise de notre action d\u00e8s lundi 18 ao\u00fbt. Nous vous remercions pour votre compr\u00e9hension. \u00c0 tr\u00e8s bient\u00f4t,Le Comit\u00e9<\/p>\n\t\t\t\t\t\t<a class=\"read-more link\" href=\"https:\/\/site.croixrougeath.be\/index.php\/2025\/08\/15\/fermeture-exceptionnelle-samedi-16-aout\/\">\n\t\t\t\t\t\t\tRead more\t\t\t\t\t\t<\/a>\n\t\t\t\t\t<\/div>\n\t\t\t\t<\/div>\n\t\t\t<\/div>\n\t\t\t\t\t\t<div id=\"post-1031\" class=\"col-sm-6 col-md-4 space-bottom space-bottom-xs\">\n\t\t\t\t<div class=\"post-content card y-move bordered\">\n\t\t\t\t\t<div class=\"post-thumbnail\">\n   <a href=\"https:\/\/site.croixrougeath.be\/index.php\/2024\/12\/23\/vestiboutique-horaire-durant-les-fetes-de-fin-dannee\/\" class=\"post-list-item-thumb \">\n      \n            <svg class=\"mesmerize-post-list-item-thumb-placeholder\" width=\"890\" height=\"580\" viewBox=\"0 0 890 580\"\n         preserveAspectRatio=\"none\">\n         <rect width=\"890\" height=\"580\" style=\"fill:#D80015;\"><\/rect>\n      <\/svg>\n               <\/a>\n<\/div>\n\t\t\t\t\t<div class=\"col-padding col-padding-xs\">\n\t\t\t\t\t\t<h3 class=\"post-title space-bottom-small\">\n\t\t\t\t\t\t\t<a href=\"https:\/\/site.croixrougeath.be\/index.php\/2024\/12\/23\/vestiboutique-horaire-durant-les-fetes-de-fin-dannee\/\" rel=\"bookmark\">\n\t\t\t\t\t\t\t\tVestiboutique &#8211; Horaire durant les F\u00eates de fin d&rsquo;ann\u00e9e\t\t\t\t\t\t\t<\/a>\n\t\t\t\t\t\t<\/h3>\n\t\t\t\t\t\t<p>La vestiboutique sera ouverte le 24 et le 31 d\u00e9cembre de 9h \u00e0 12h30&prime; et ferm\u00e9e le 2 janvier.<\/p>\n\t\t\t\t\t\t<a class=\"read-more link\" href=\"https:\/\/site.croixrougeath.be\/index.php\/2024\/12\/23\/vestiboutique-horaire-durant-les-fetes-de-fin-dannee\/\">\n\t\t\t\t\t\t\tRead more\t\t\t\t\t\t<\/a>\n\t\t\t\t\t<\/div>\n\t\t\t\t<\/div>\n\t\t\t<\/div>\n\t\t\t\t<\/div>\n\t<\/div><\/div> <div  class=\"row\" wfd-id=\"47\"><div  class=\"text-center\" wfd-id=\"48\"> <a  class=\"button color1\" data-attr-shortcode=\"href:mesmerize_blog_link\" href=\"https:\/\/site.croixrougeath.be\/index.php\/blog\/\">VOIR TOUS LES ARTICLES<\/a><\/div> <\/div><\/div><\/div>","protected":false},"excerpt":{"rendered":"<p>La vestiboutique d\u2019Ath recherche Un(e) b\u00e9n\u00e9vole responsable d\u2019activit\u00e9s pour son magasin de seconde main Vous souhaitez vous mobiliser et am\u00e9liorer la vie des personnes vuln\u00e9rables en luttant contre les cons\u00e9quences de la pauvret\u00e9 et de l\u2019exclusion ?&nbsp; Rejoignez le plus grand r\u00e9seau humanitaire du monde !Int\u00e9ress\u00e9-e ?cecile.hebette@volontaires.croix-rouge.be068\/334838 Maison Croix-Rouge Mission : Am\u00e9liorer les conditions d\u2019existence&hellip; <br \/> <a class=\"read-more\" href=\"https:\/\/site.croixrougeath.be\/index.php\/2024\/12\/23\/vestiboutique-horaire-durant-les-fetes-de-fin-dannee\/\">Lire la suite<\/a><\/p>\n","protected":false},"author":1,"featured_media":0,"parent":0,"menu_order":0,"comment_status":"closed","ping_status":"closed","template":"page-templates\/homepage.php","meta":{"footnotes":""},"class_list":["post-5","page","type-page","status-publish","hentry"],"_links":{"self":[{"href":"https:\/\/site.croixrougeath.be\/index.php\/wp-json\/wp\/v2\/pages\/5","targetHints":{"allow":["GET"]}}],"collection":[{"href":"https:\/\/site.croixrougeath.be\/index.php\/wp-json\/wp\/v2\/pages"}],"about":[{"href":"https:\/\/site.croixrougeath.be\/index.php\/wp-json\/wp\/v2\/types\/page"}],"author":[{"embeddable":true,"href":"https:\/\/site.croixrougeath.be\/index.php\/wp-json\/wp\/v2\/users\/1"}],"replies":[{"embeddable":true,"href":"https:\/\/site.croixrougeath.be\/index.php\/wp-json\/wp\/v2\/comments?post=5"}],"version-history":[{"count":9,"href":"https:\/\/site.croixrougeath.be\/index.php\/wp-json\/wp\/v2\/pages\/5\/revisions"}],"predecessor-version":[{"id":1109,"href":"https:\/\/site.croixrougeath.be\/index.php\/wp-json\/wp\/v2\/pages\/5\/revisions\/1109"}],"wp:attachment":[{"href":"https:\/\/site.croixrougeath.be\/index.php\/wp-json\/wp\/v2\/media?parent=5"}],"curies":[{"name":"wp","href":"https:\/\/api.w.org\/{rel}","templated":true}]}}